{"id":10910,"date":"2023-02-14T11:39:32","date_gmt":"2023-02-14T09:39:32","guid":{"rendered":"https:\/\/masramoneda.vunkers.com\/?page_id=10910"},"modified":"2023-02-14T11:39:33","modified_gmt":"2023-02-14T09:39:33","slug":"politica-de-privacidad","status":"publish","type":"page","link":"https:\/\/masramoneda.com\/es\/politica-de-privacidad\/","title":{"rendered":"POL\u00cdTICA DE PRIVACIDAD"},"content":{"rendered":"\n<p><strong>TRATAMIENTO DE DATOS DE CAR\u00c1CTER PERSONAL<\/strong><\/p>\n\n\n\n<p>En CELLER MAS RAMONEDA S.L. nos preocupamos por los datos de car\u00e1cter personal que tratamos y por el exacto cumplimiento de la normativa vigente en materia de protecci\u00f3n de datos de car\u00e1cter personal, entre otras, el Reglamento (UE) 2016\/679 del Parlamento Europeo y del Consejo de 27 de abril de 2016 relativo a la protecci\u00f3n de las personas f\u00edsicas en lo que respecta al tratamiento de datos personales y a la libre circulaci\u00f3n de estos datos y por el que se deroga la Directiva 95\/46\/CE.<\/p>\n\n\n\n<p>Responsable del tratamiento de datos personales<\/p>\n\n\n\n<p>CELLER MAS RAMONEDA S.L.<\/p>\n\n\n\n<p>B25701665<\/p>\n\n\n\n<p>C\/ Ponent s\/n<\/p>\n\n\n\n<p>Artesa de Segre<\/p>\n\n\n\n<p>25730 Lleida<\/p>\n\n\n\n<p>En el tratamiento de datos personales que se realiza en el mismo se respetan los principios exigidos por el Reglamento (UE) 2016\/679 del Parlamento Europeo y del Consejo de 27 de abril de 2016 relativo a la protecci\u00f3n de las personas f\u00edsicas en lo que respecta al tratamiento de datos personales y a la libre circulaci\u00f3n de estos datos y por el que se deroga la Directiva 95\/46\/CE:<\/p>\n\n\n\n<p>Principio de licitud, lealtad y transparencia: los datos que recogemos son tratados de forma l\u00edcita, leal y transparente, con el previo consentimiento de los interesados cuando fuera necesario o, en su caso, para la ejecuci\u00f3n de un contrato en el que el interesado es parte o para la aplicaci\u00f3n a petici\u00f3n de este de medidas precontractuales, o bien, si el tratamiento es necesario para el cumplimiento de una obligaci\u00f3n legal aplicable, para proteger intereses vitales del interesado o de otra persona f\u00edsica, o para la satisfacci\u00f3n de intereses leg\u00edtimos perseguidos por el responsable o por un tercero, siempre que sobre dichos intereses no prevalezcan los intereses o los derechos y libertados fundamentales del interesado que requieran la protecci\u00f3n de datos personales, en particular cuando el interesado sea un ni\u00f1o.<\/p>\n\n\n\n<p>Principio de limitaci\u00f3n de la finalidad: los datos personales que tratamos se utilizan para las finalidades indicadas en el apartado \u201c\u00bfCon qu\u00e9 finalidad utilizamos sus datos personales\u201d.<\/p>\n\n\n\n<p>Principio de minimizaci\u00f3n de datos: de acuerdo con este principio, los \u00fanicos datos personales que recabamos de los usuarios son los estrictamente necesarios para gestionar las finalidades descritas en el apartado \u201c\u00bfCon qu\u00e9 finalidad utilizamos sus datos personales\u201d.<\/p>\n\n\n\n<p>Principio de exactitud: los datos personales que recabamos se mantendr\u00e1n exactos y, si fuera necesario, actualizados. Para ello, en caso de que se produzca alg\u00fan cambio de datos personales el usuario nos lo deber\u00e1 comunicar de forma que podamos realizar la oportuna actualizaci\u00f3n.<\/p>\n\n\n\n<p>Principio de limitaci\u00f3n del plazo de conservaci\u00f3n: los datos personales que tratamos se conservar\u00e1n durante los plazos indicados en el apartado \u201c\u00bfDurante cu\u00e1nto tiempo conservaremos sus datos personales?\u201d.<\/p>\n\n\n\n<p>Principio de integridad y confidencialidad: para respetar este principio, los datos personales ser\u00e1n tratados de forma que se garantice una seguridad adecuada de los mismos, incluida la protecci\u00f3n contra el tratamiento no autorizado o il\u00edcito y contra su p\u00e9rdida, destrucci\u00f3n o da\u00f1o accidental, aplicando para ello las medidas t\u00e9cnicas y organizativas apropiadas.<\/p>\n\n\n\n<p><strong>Finalidad de uso de los datos personales<\/strong><\/p>\n\n\n\n<p>Datos de usuarios\/clientes: para el adecuado mantenimiento, desarrollo, cumplimiento y control de la relaci\u00f3n contractual con los clientes y de los servicios que demanden. Asimismo, utilizaremos los datos identificativos y de contacto para realizar encuestas de satisfacci\u00f3n y para enviar, por medios electr\u00f3nicos o no, informaci\u00f3n t\u00e9cnica, operativa y\/o comercial de noticias e informaci\u00f3n comercial sobre ofertas, actividades, productos y servicios de nuestra empresa.<\/p>\n\n\n\n<p>Datos recabados a trav\u00e9s del apartado de contacto: para gestionar y dar respuesta a las consultas, quejas, sugerencias y solicitudes que realizan los usuarios a trav\u00e9s de la p\u00e1gina web.<\/p>\n\n\n\n<p>Datos recabados a trav\u00e9s del blog: para gestionar y responder los comentarios que realizan losusuarios en el blog.<\/p>\n\n\n\n<p><strong>Conservaci\u00f3n de los datos personales<\/strong><\/p>\n\n\n\n<p>Datos de clientes y de proveedores: sus datos personales se conservar\u00e1n durante la vigencia de la relaci\u00f3n contractual correspondiente y, una vez finalizada esta, durante los plazos de prescripci\u00f3n de responsabilidades establecidas por las disposiciones legales que resulten de aplicaci\u00f3n.<\/p>\n\n\n\n<p>Datos recabados a trav\u00e9s del apartado de contacto: los datos personales que nos proporcionan los usuarios al contactar con nosotros se conservar\u00e1n \u00fanicamente durante la gesti\u00f3n de la solicitud que nos realiza de tal forma que, una vez finalizada su tramitaci\u00f3n, se proceder\u00e1 a su supresi\u00f3n.<\/p>\n\n\n\n<p>Datos recabados a trav\u00e9s del blog: los datos personales de los interesados se conservar\u00e1n hasta el momento en el que retiren su consentimiento.<\/p>\n\n\n\n<p><strong>Derechos del usuario<\/strong><\/p>\n\n\n\n<p>Derecho a solicitar el acceso a sus datos personales: con el fin de conocer y verificar la licitud del tratamiento, usted podr\u00e1 solicitarnos en cualquier momento confirmaci\u00f3n de si CELLER MAS RAMONEDA S.L. est\u00e1 tratando sus datos de car\u00e1cter personal y, en tal caso, le informaremos, entre otras cuestiones, sobre qu\u00e9 datos estamos tratando, su finalidad, origen de los datos, plazo previsto de conservaci\u00f3n de los datos y, en su caso, destinatarios o categor\u00edas de destinatarios.<\/p>\n\n\n\n<p>Derecho a solicitar su rectificaci\u00f3n: usted podr\u00e1 solicitarnos la rectificaci\u00f3n de los datos personales que sean inexactos o que completemos los que sean incompletos, inclusive mediante una declaraci\u00f3n adicional. En tal caso deber\u00e1 indicar en su solicitud a qu\u00e9 datos se refiere y la correcci\u00f3n que haya de realizarse, debiendo acompa\u00f1ar, en su caso, la documentaci\u00f3n justificativa de la inexactitud o car\u00e1cter incompleto de los datos objeto de tratamiento.<\/p>\n\n\n\n<p>Derecho a solicitar su supresi\u00f3n (\u201cderecho al olvido\u201d): usted puede solicitarnos que sus datos personales se supriman y dejen de tratarse si ya no son necesarios para los fines para los que fueron recogidos o tratados de otro modo, retire su consentimiento, hayan sido tratados il\u00edcitamente o deban ser suprimidos para el cumplimiento de una obligaci\u00f3n legal.<\/p>\n\n\n\n<p>Derecho a solicitar la limitaci\u00f3n del tratamiento de sus datos personales: en este caso CELLER MAS RAMONEDA S.L. \u00fanicamente conservar\u00e1 sus datos personales para la formulaci\u00f3n, el ejercicio o la defensa de reclamaciones, o con miras a la protecci\u00f3n de los derechos de otra persona f\u00edsica o jur\u00eddica o por razones de inter\u00e9s p\u00fablico importante.<\/p>\n\n\n\n<p>Derecho a la portabilidad de sus datos personales: puede solicitarnos que le entreguemos sus datos personales, a usted o a otro responsable que usted nos indique, en un formato estructurado, de uso com\u00fan y lectura mec\u00e1nica.<\/p>\n\n\n\n<p>Derecho a oponerse al tratamiento: CELLER MAS RAMONEDA S.L. dejar\u00e1 de tratar sus datos personales en la forma que usted indique, salvo que tengamos que seguir trat\u00e1ndolos por motivos leg\u00edtimos imperiosos o para la formulaci\u00f3n, el ejercicio o la defensa de posibles reclamaciones.<\/p>\n\n\n\n<p>Para ejercer sus derechos debe enviarnos una solicitud por escrito dirigida a CELLER MAS RAMONEDA S.L. en c\/Ponent s\/n Artesa de Segre, 25730 (Lleida) o enviando un correo electr\u00f3nico a info@masramoneda.com, acompa\u00f1ando en todo caso fotocopia de su DNI.<\/p>\n\n\n\n<p>CELLER MAS RAMONEDA S.L. responder\u00e1 todas las solicitudes en los plazos y condiciones que exige la normativa vigente en materia de protecci\u00f3n de datos de car\u00e1cter personal.<\/p>\n","protected":false},"excerpt":{"rendered":"<p>TRATAMIENTO DE DATOS DE CAR\u00c1CTER PERSONAL En CELLER MAS RAMONEDA S.L. nos preocupamos por los datos de car\u00e1cter personal que tratamos y por el exacto cumplimiento de la normativa vigente en materia de protecci\u00f3n de datos de car\u00e1cter personal, entre otras, el Reglamento (UE) 2016\/679 del Parlamento Europeo y del Consejo de 27 de abril [&hellip;]<\/p>\n","protected":false},"author":1,"featured_media":0,"parent":0,"menu_order":0,"comment_status":"closed","ping_status":"closed","template":"","meta":{"footnotes":""},"class_list":["post-10910","page","type-page","status-publish","hentry"],"yoast_head":"<!-- This site is optimized with the Yoast SEO plugin v27.3 - https:\/\/yoast.com\/product\/yoast-seo-wordpress\/ -->\n<title>POL\u00cdTICA DE PRIVACIDAD - Celler Mas Ramoneda<\/title>\n<meta name=\"robots\" content=\"index, follow, max-snippet:-1, max-image-preview:large, max-video-preview:-1\" \/>\n<link rel=\"canonical\" href=\"https:\/\/masramoneda.com\/es\/politica-de-privacidad\/\" \/>\n<meta property=\"og:locale\" content=\"es_ES\" \/>\n<meta property=\"og:type\" content=\"article\" \/>\n<meta property=\"og:title\" content=\"POL\u00cdTICA DE PRIVACIDAD - Celler Mas Ramoneda\" \/>\n<meta property=\"og:description\" content=\"TRATAMIENTO DE DATOS DE CAR\u00c1CTER PERSONAL En CELLER MAS RAMONEDA S.L. nos preocupamos por los datos de car\u00e1cter personal que tratamos y por el exacto cumplimiento de la normativa vigente en materia de protecci\u00f3n de datos de car\u00e1cter personal, entre otras, el Reglamento (UE) 2016\/679 del Parlamento Europeo y del Consejo de 27 de abril [&hellip;]\" \/>\n<meta property=\"og:url\" content=\"https:\/\/masramoneda.com\/es\/politica-de-privacidad\/\" \/>\n<meta property=\"og:site_name\" content=\"Celler Mas Ramoneda\" \/>\n<meta property=\"article:publisher\" content=\"https:\/\/www.facebook.com\/masramoneda\" \/>\n<meta property=\"article:modified_time\" content=\"2023-02-14T09:39:33+00:00\" \/>\n<meta name=\"twitter:card\" content=\"summary_large_image\" \/>\n<meta name=\"twitter:label1\" content=\"Tiempo de lectura\" \/>\n\t<meta name=\"twitter:data1\" content=\"6 minutos\" \/>\n<script type=\"application\/ld+json\" class=\"yoast-schema-graph\">{\"@context\":\"https:\\\/\\\/schema.org\",\"@graph\":[{\"@type\":\"WebPage\",\"@id\":\"https:\\\/\\\/masramoneda.com\\\/es\\\/politica-de-privacidad\\\/\",\"url\":\"https:\\\/\\\/masramoneda.com\\\/es\\\/politica-de-privacidad\\\/\",\"name\":\"POL\u00cdTICA DE PRIVACIDAD - Celler Mas Ramoneda\",\"isPartOf\":{\"@id\":\"https:\\\/\\\/masramoneda.com\\\/es\\\/#website\"},\"datePublished\":\"2023-02-14T09:39:32+00:00\",\"dateModified\":\"2023-02-14T09:39:33+00:00\",\"breadcrumb\":{\"@id\":\"https:\\\/\\\/masramoneda.com\\\/es\\\/politica-de-privacidad\\\/#breadcrumb\"},\"inLanguage\":\"es\",\"potentialAction\":[{\"@type\":\"ReadAction\",\"target\":[\"https:\\\/\\\/masramoneda.com\\\/es\\\/politica-de-privacidad\\\/\"]}]},{\"@type\":\"BreadcrumbList\",\"@id\":\"https:\\\/\\\/masramoneda.com\\\/es\\\/politica-de-privacidad\\\/#breadcrumb\",\"itemListElement\":[{\"@type\":\"ListItem\",\"position\":1,\"name\":\"Inicio\",\"item\":\"https:\\\/\\\/masramoneda.com\\\/es\\\/\"},{\"@type\":\"ListItem\",\"position\":2,\"name\":\"POL\u00cdTICA DE PRIVACIDAD\"}]},{\"@type\":\"WebSite\",\"@id\":\"https:\\\/\\\/masramoneda.com\\\/es\\\/#website\",\"url\":\"https:\\\/\\\/masramoneda.com\\\/es\\\/\",\"name\":\"Celler Mas Ramoneda\",\"description\":\"\",\"publisher\":{\"@id\":\"https:\\\/\\\/masramoneda.com\\\/es\\\/#organization\"},\"potentialAction\":[{\"@type\":\"SearchAction\",\"target\":{\"@type\":\"EntryPoint\",\"urlTemplate\":\"https:\\\/\\\/masramoneda.com\\\/es\\\/?s={search_term_string}\"},\"query-input\":{\"@type\":\"PropertyValueSpecification\",\"valueRequired\":true,\"valueName\":\"search_term_string\"}}],\"inLanguage\":\"es\"},{\"@type\":\"Organization\",\"@id\":\"https:\\\/\\\/masramoneda.com\\\/es\\\/#organization\",\"name\":\"Celler Mas Ramoneda\",\"url\":\"https:\\\/\\\/masramoneda.com\\\/es\\\/\",\"logo\":{\"@type\":\"ImageObject\",\"inLanguage\":\"es\",\"@id\":\"https:\\\/\\\/masramoneda.com\\\/es\\\/#\\\/schema\\\/logo\\\/image\\\/\",\"url\":\"https:\\\/\\\/masramoneda.com\\\/wp-content\\\/uploads\\\/2023\\\/02\\\/celler-mas-ramoneda-logo.png\",\"contentUrl\":\"https:\\\/\\\/masramoneda.com\\\/wp-content\\\/uploads\\\/2023\\\/02\\\/celler-mas-ramoneda-logo.png\",\"width\":225,\"height\":96,\"caption\":\"Celler Mas Ramoneda\"},\"image\":{\"@id\":\"https:\\\/\\\/masramoneda.com\\\/es\\\/#\\\/schema\\\/logo\\\/image\\\/\"},\"sameAs\":[\"https:\\\/\\\/www.facebook.com\\\/masramoneda\",\"https:\\\/\\\/www.instagram.com\\\/masramoneda\\\/\",\"https:\\\/\\\/www.linkedin.com\\\/company\\\/masramoneda\\\/\"]}]}<\/script>\n<!-- \/ Yoast SEO plugin. -->","yoast_head_json":{"title":"POL\u00cdTICA DE PRIVACIDAD - Celler Mas Ramoneda","robots":{"index":"index","follow":"follow","max-snippet":"max-snippet:-1","max-image-preview":"max-image-preview:large","max-video-preview":"max-video-preview:-1"},"canonical":"https:\/\/masramoneda.com\/es\/politica-de-privacidad\/","og_locale":"es_ES","og_type":"article","og_title":"POL\u00cdTICA DE PRIVACIDAD - Celler Mas Ramoneda","og_description":"TRATAMIENTO DE DATOS DE CAR\u00c1CTER PERSONAL En CELLER MAS RAMONEDA S.L. nos preocupamos por los datos de car\u00e1cter personal que tratamos y por el exacto cumplimiento de la normativa vigente en materia de protecci\u00f3n de datos de car\u00e1cter personal, entre otras, el Reglamento (UE) 2016\/679 del Parlamento Europeo y del Consejo de 27 de abril [&hellip;]","og_url":"https:\/\/masramoneda.com\/es\/politica-de-privacidad\/","og_site_name":"Celler Mas Ramoneda","article_publisher":"https:\/\/www.facebook.com\/masramoneda","article_modified_time":"2023-02-14T09:39:33+00:00","twitter_card":"summary_large_image","twitter_misc":{"Tiempo de lectura":"6 minutos"},"schema":{"@context":"https:\/\/schema.org","@graph":[{"@type":"WebPage","@id":"https:\/\/masramoneda.com\/es\/politica-de-privacidad\/","url":"https:\/\/masramoneda.com\/es\/politica-de-privacidad\/","name":"POL\u00cdTICA DE PRIVACIDAD - Celler Mas Ramoneda","isPartOf":{"@id":"https:\/\/masramoneda.com\/es\/#website"},"datePublished":"2023-02-14T09:39:32+00:00","dateModified":"2023-02-14T09:39:33+00:00","breadcrumb":{"@id":"https:\/\/masramoneda.com\/es\/politica-de-privacidad\/#breadcrumb"},"inLanguage":"es","potentialAction":[{"@type":"ReadAction","target":["https:\/\/masramoneda.com\/es\/politica-de-privacidad\/"]}]},{"@type":"BreadcrumbList","@id":"https:\/\/masramoneda.com\/es\/politica-de-privacidad\/#breadcrumb","itemListElement":[{"@type":"ListItem","position":1,"name":"Inicio","item":"https:\/\/masramoneda.com\/es\/"},{"@type":"ListItem","position":2,"name":"POL\u00cdTICA DE PRIVACIDAD"}]},{"@type":"WebSite","@id":"https:\/\/masramoneda.com\/es\/#website","url":"https:\/\/masramoneda.com\/es\/","name":"Celler Mas Ramoneda","description":"","publisher":{"@id":"https:\/\/masramoneda.com\/es\/#organization"},"potentialAction":[{"@type":"SearchAction","target":{"@type":"EntryPoint","urlTemplate":"https:\/\/masramoneda.com\/es\/?s={search_term_string}"},"query-input":{"@type":"PropertyValueSpecification","valueRequired":true,"valueName":"search_term_string"}}],"inLanguage":"es"},{"@type":"Organization","@id":"https:\/\/masramoneda.com\/es\/#organization","name":"Celler Mas Ramoneda","url":"https:\/\/masramoneda.com\/es\/","logo":{"@type":"ImageObject","inLanguage":"es","@id":"https:\/\/masramoneda.com\/es\/#\/schema\/logo\/image\/","url":"https:\/\/masramoneda.com\/wp-content\/uploads\/2023\/02\/celler-mas-ramoneda-logo.png","contentUrl":"https:\/\/masramoneda.com\/wp-content\/uploads\/2023\/02\/celler-mas-ramoneda-logo.png","width":225,"height":96,"caption":"Celler Mas Ramoneda"},"image":{"@id":"https:\/\/masramoneda.com\/es\/#\/schema\/logo\/image\/"},"sameAs":["https:\/\/www.facebook.com\/masramoneda","https:\/\/www.instagram.com\/masramoneda\/","https:\/\/www.linkedin.com\/company\/masramoneda\/"]}]}},"_links":{"self":[{"href":"https:\/\/masramoneda.com\/es\/wp-json\/wp\/v2\/pages\/10910","targetHints":{"allow":["GET"]}}],"collection":[{"href":"https:\/\/masramoneda.com\/es\/wp-json\/wp\/v2\/pages"}],"about":[{"href":"https:\/\/masramoneda.com\/es\/wp-json\/wp\/v2\/types\/page"}],"author":[{"embeddable":true,"href":"https:\/\/masramoneda.com\/es\/wp-json\/wp\/v2\/users\/1"}],"replies":[{"embeddable":true,"href":"https:\/\/masramoneda.com\/es\/wp-json\/wp\/v2\/comments?post=10910"}],"version-history":[{"count":1,"href":"https:\/\/masramoneda.com\/es\/wp-json\/wp\/v2\/pages\/10910\/revisions"}],"predecessor-version":[{"id":10911,"href":"https:\/\/masramoneda.com\/es\/wp-json\/wp\/v2\/pages\/10910\/revisions\/10911"}],"wp:attachment":[{"href":"https:\/\/masramoneda.com\/es\/wp-json\/wp\/v2\/media?parent=10910"}],"curies":[{"name":"wp","href":"https:\/\/api.w.org\/{rel}","templated":true}]}}